{"id":6427,"date":"2025-04-01T15:19:08","date_gmt":"2025-04-01T13:19:08","guid":{"rendered":"https:\/\/lesmassagesdejeanne.com\/?page_id=6427"},"modified":"2025-09-29T20:15:52","modified_gmt":"2025-09-29T18:15:52","slug":"massage-6-mains-a-dunkerque","status":"publish","type":"page","link":"https:\/\/lesmassagesdejeanne.com\/index.php\/massage-6-mains-a-dunkerque\/","title":{"rendered":"Massage \u00e0 6 mains \u00e0 Dunkerque"},"content":{"rendered":"<p>[et_pb_section fb_built=\u00a0\u00bb1&Prime; admin_label=\u00a0\u00bbHeader\u00a0\u00bb _builder_version=\u00a0\u00bb4.27.4&Prime; background_color=\u00a0\u00bb#9ebfe2&Prime; background_color_gradient_direction=\u00a0\u00bb149deg\u00a0\u00bb background_image=\u00a0\u00bbhttps:\/\/lesmassagesdejeanne.com\/wp-content\/uploads\/2025\/09\/Yellow-Modern-Square-Magazine-Logo-_Banniere-moyenne-_US_-_Paysage__-1-scaled.webp\u00a0\u00bb parallax=\u00a0\u00bbon\u00a0\u00bb z_index=\u00a0\u00bb1&Prime; custom_padding=\u00a0\u00bb0vw||0vw||false|false\u00a0\u00bb hover_enabled=\u00a0\u00bb0&Prime; box_shadow_style=\u00a0\u00bbpreset7&Prime; box_shadow_horizontal=\u00a0\u00bb0px\u00a0\u00bb box_shadow_vertical=\u00a0\u00bb-6vw\u00a0\u00bb box_shadow_color=\u00a0\u00bb#ffffff\u00a0\u00bb locked=\u00a0\u00bboff\u00a0\u00bb global_colors_info=\u00a0\u00bb{}\u00a0\u00bb alt=\u00a0\u00bbdunkerque massage intuitif\u00a0\u00bb title_text=\u00a0\u00bbpack je prends soin de moi\u00a0\u00bb sticky_enabled=\u00a0\u00bb0&Prime;][et_pb_row use_custom_gutter=\u00a0\u00bbon\u00a0\u00bb _builder_version=\u00a0\u00bb4.16&Prime; background_enable_color=\u00a0\u00bboff\u00a0\u00bb z_index=\u00a0\u00bb10&Prime; width=\u00a0\u00bb78.8%\u00a0\u00bb width_tablet=\u00a0\u00bb\u00a0\u00bb width_phone=\u00a0\u00bb\u00a0\u00bb width_last_edited=\u00a0\u00bbon|phone\u00a0\u00bb max_width=\u00a0\u00bb600px\u00a0\u00bb locked=\u00a0\u00bboff\u00a0\u00bb global_colors_info=\u00a0\u00bb{}\u00a0\u00bb width__hover_enabled=\u00a0\u00bboff|desktop\u00a0\u00bb][et_pb_column type=\u00a0\u00bb4_4&Prime; _builder_version=\u00a0\u00bb4.16&Prime; global_colors_info=\u00a0\u00bb{}\u00a0\u00bb][et_pb_image src=\u00a0\u00bbhttps:\/\/lesmassagesdejeanne.com\/wp-content\/uploads\/2021\/02\/Logo-blanc-Jeanne2.png\u00a0\u00bb alt=\u00a0\u00bbmassage pr\u00e9natal dunkerque femme enceinte\u00a0\u00bb title_text=\u00a0\u00bbLogo blanc Jeanne2&Prime; align=\u00a0\u00bbcenter\u00a0\u00bb _builder_version=\u00a0\u00bb4.27.4&Prime; width=\u00a0\u00bb36%\u00a0\u00bb width_tablet=\u00a0\u00bb70px\u00a0\u00bb width_phone=\u00a0\u00bb50px\u00a0\u00bb width_last_edited=\u00a0\u00bboff|desktop\u00a0\u00bb custom_padding=\u00a0\u00bb|0px|0px|||\u00a0\u00bb filter_saturate=\u00a0\u00bb0%\u00a0\u00bb filter_brightness=\u00a0\u00bb200%\u00a0\u00bb filter_invert=\u00a0\u00bb72%\u00a0\u00bb locked=\u00a0\u00bboff\u00a0\u00bb global_colors_info=\u00a0\u00bb{}\u00a0\u00bb width__hover_enabled=\u00a0\u00bboff|desktop\u00a0\u00bb][\/et_pb_image][et_pb_text content_tablet=\u00a0\u00bb<\/p>\n<p>Les massages de Jeanne<\/p>\n<p>\u00a0\u00bb content_phone=\u00a0\u00bb<\/p>\n<p>Les massages de Jeanne<\/p>\n<p>\u00a0\u00bb content_last_edited=\u00a0\u00bbon|phone\u00a0\u00bb _builder_version=\u00a0\u00bb4.27.4&Prime; text_font=\u00a0\u00bbSacramento||||||||\u00a0\u00bb text_text_color=\u00a0\u00bbrgba(84,84,84,0.99)\u00a0\u00bb text_font_size=\u00a0\u00bb72px\u00a0\u00bb text_line_height=\u00a0\u00bb1.4em\u00a0\u00bb header_text_color=\u00a0\u00bb#545454&Prime; header_font_size=\u00a0\u00bb74px\u00a0\u00bb text_orientation=\u00a0\u00bbcenter\u00a0\u00bb max_width_tablet=\u00a0\u00bb400px\u00a0\u00bb max_width_phone=\u00a0\u00bb\u00a0\u00bb max_width_last_edited=\u00a0\u00bbon|tablet\u00a0\u00bb module_alignment=\u00a0\u00bbcenter\u00a0\u00bb min_height=\u00a0\u00bb54px\u00a0\u00bb custom_margin=\u00a0\u00bb||30px||false|false\u00a0\u00bb custom_padding=\u00a0\u00bb||0px|||\u00a0\u00bb text_font_size_tablet=\u00a0\u00bb49px\u00a0\u00bb text_font_size_phone=\u00a0\u00bb37px\u00a0\u00bb text_font_size_last_edited=\u00a0\u00bbon|desktop\u00a0\u00bb text_line_height_tablet=\u00a0\u00bb\u00a0\u00bb text_line_height_phone=\u00a0\u00bb\u00a0\u00bb text_line_height_last_edited=\u00a0\u00bbon|desktop\u00a0\u00bb header_font_size_tablet=\u00a0\u00bb\u00a0\u00bb header_font_size_phone=\u00a0\u00bb39px\u00a0\u00bb header_font_size_last_edited=\u00a0\u00bbon|phone\u00a0\u00bb global_colors_info=\u00a0\u00bb{}\u00a0\u00bb]<\/p>\n<p><span style=\"color: #333333;\">Les massages de Jeanne<\/span><\/p>\n<p>[\/et_pb_text][et_pb_text _builder_version=\u00a0\u00bb4.27.4&Prime; text_font=\u00a0\u00bb||||||||\u00a0\u00bb text_text_color=\u00a0\u00bb#545454&Prime; text_font_size=\u00a0\u00bb20px\u00a0\u00bb text_line_height=\u00a0\u00bb1.4em\u00a0\u00bb header_text_color=\u00a0\u00bbrgba(84,84,84,0.99)\u00a0\u00bb header_font_size=\u00a0\u00bb19px\u00a0\u00bb text_orientation=\u00a0\u00bbcenter\u00a0\u00bb max_width_tablet=\u00a0\u00bb400px\u00a0\u00bb max_width_phone=\u00a0\u00bb\u00a0\u00bb max_width_last_edited=\u00a0\u00bbon|tablet\u00a0\u00bb module_alignment=\u00a0\u00bbcenter\u00a0\u00bb min_height=\u00a0\u00bb25px\u00a0\u00bb custom_margin=\u00a0\u00bb||30px||false|false\u00a0\u00bb text_font_size_tablet=\u00a0\u00bb16px\u00a0\u00bb text_font_size_phone=\u00a0\u00bb14px\u00a0\u00bb text_font_size_last_edited=\u00a0\u00bbon|desktop\u00a0\u00bb text_line_height_tablet=\u00a0\u00bb\u00a0\u00bb text_line_height_phone=\u00a0\u00bb\u00a0\u00bb text_line_height_last_edited=\u00a0\u00bbon|phone\u00a0\u00bb global_colors_info=\u00a0\u00bb{}\u00a0\u00bb]<\/p>\n<h1><span style=\"color: #ffffff;\"><em><span style=\"color: #333333;\">Faites l&rsquo;exp\u00e9rience du massage intuitif \u00e0 6<\/span><\/em><\/span><span style=\"color: #333333;\"><em> mains \u00e0 Dunkerque !<\/em><\/span><\/h1>\n<p>[\/et_pb_text][et_pb_button button_url=\u00a0\u00bbhttps:\/\/lesmassagesdejeanne.com\/index.php\/contactez-moi\/\u00a0\u00bb url_new_window=\u00a0\u00bbon\u00a0\u00bb button_text=\u00a0\u00bbMe contacter\u00a0\u00bb button_alignment=\u00a0\u00bbcenter\u00a0\u00bb button_alignment_tablet=\u00a0\u00bbleft\u00a0\u00bb button_alignment_phone=\u00a0\u00bbcenter\u00a0\u00bb button_alignment_last_edited=\u00a0\u00bbon|tablet\u00a0\u00bb _builder_version=\u00a0\u00bb4.27.4&Prime; custom_button=\u00a0\u00bbon\u00a0\u00bb button_text_size=\u00a0\u00bb22px\u00a0\u00bb button_bg_color=\u00a0\u00bb#80abed\u00a0\u00bb button_border_width=\u00a0\u00bb0px\u00a0\u00bb button_border_radius=\u00a0\u00bb50px\u00a0\u00bb button_font=\u00a0\u00bbJosefin Sans|600|||||||\u00a0\u00bb background_layout=\u00a0\u00bbdark\u00a0\u00bb custom_margin_tablet=\u00a0\u00bb0px||||false|false\u00a0\u00bb custom_margin_last_edited=\u00a0\u00bboff|desktop\u00a0\u00bb custom_padding=\u00a0\u00bb15px|40px|15px|40px|true|true\u00a0\u00bb button_text_size_tablet=\u00a0\u00bb18px\u00a0\u00bb button_text_size_phone=\u00a0\u00bb14px\u00a0\u00bb button_text_size_last_edited=\u00a0\u00bbon|phone\u00a0\u00bb locked=\u00a0\u00bboff\u00a0\u00bb global_colors_info=\u00a0\u00bb{}\u00a0\u00bb][\/et_pb_button][\/et_pb_column][\/et_pb_row][\/et_pb_section][et_pb_section fb_built=\u00a0\u00bb1&Prime; _builder_version=\u00a0\u00bb4.16&Prime; _module_preset=\u00a0\u00bbdefault\u00a0\u00bb global_colors_info=\u00a0\u00bb{}\u00a0\u00bb][et_pb_row column_structure=\u00a0\u00bb1_5,3_5,1_5&Prime; _builder_version=\u00a0\u00bb4.16&Prime; _module_preset=\u00a0\u00bbdefault\u00a0\u00bb global_colors_info=\u00a0\u00bb{}\u00a0\u00bb][et_pb_column type=\u00a0\u00bb1_5&Prime; _builder_version=\u00a0\u00bb4.16&Prime; _module_preset=\u00a0\u00bbdefault\u00a0\u00bb global_colors_info=\u00a0\u00bb{}\u00a0\u00bb][\/et_pb_column][et_pb_column type=\u00a0\u00bb3_5&Prime; _builder_version=\u00a0\u00bb4.16&Prime; _module_preset=\u00a0\u00bbdefault\u00a0\u00bb global_colors_info=\u00a0\u00bb{}\u00a0\u00bb][et_pb_text _builder_version=\u00a0\u00bb4.27.4&Prime; _module_preset=\u00a0\u00bbdefault\u00a0\u00bb text_font=\u00a0\u00bb||||||||\u00a0\u00bb text_font_size=\u00a0\u00bb16px\u00a0\u00bb text_letter_spacing=\u00a0\u00bb3px\u00a0\u00bb text_line_height=\u00a0\u00bb1.8em\u00a0\u00bb global_colors_info=\u00a0\u00bb{}\u00a0\u00bb]<\/p>\n<p><a href=\"https:\/\/lharmonieenvous.com\/a-propos\/\"><span style=\"color: #9eafff;\"><strong>-*Aur\u00e9lia<\/strong><\/span><\/a><span style=\"color: #9eafff;\"><strong>, <a href=\"https:\/\/www.a-l-equilibre.com\/\" style=\"color: #9eafff;\">S\u00e9verine<\/a><\/strong><\/span> et moi sommes 3 masseuses intuitives, dunkerquoises, amies et nous avons le m\u00eame grain cr\u00e9atif (ou de folie selon le point de vue ^^) qui nous r\u00e9unit.<\/p>\n<p style=\"text-align: left;\">Nous conjuguons pour vous nos <strong>3<\/strong> <strong>c\u0153urs<\/strong> et nos <strong>six<\/strong> <strong>mains<\/strong> pour vous proposer de vivre un moment de massage intuitif <strong>hors du temps<\/strong>.<\/p>\n<p style=\"text-align: left;\">Un moment pour <strong>se connecter en douceur<\/strong> \u00e0 sa sensibilit\u00e9, au vivant et aux messages du corps.<\/p>\n<p style=\"text-align: left;\">Dans ce massage, il y a quelque chose d&rsquo;extraordinaire, de l&rsquo;ordre de la communion et d&rsquo;un je ne sais quoi de magique qui s&rsquo;en d\u00e9gage.<\/p>\n<p style=\"text-align: left;\"><em>Au plaisir de vous faire vibrer !<\/em><\/p>\n<p style=\"text-align: left;\"><strong>Sign\u00e9, <\/strong><\/p>\n<p style=\"text-align: left;\"><strong>Les Intuitives, Aur\u00e9lia, S\u00e9verine et Jeanne<\/strong><em><\/em><\/p>\n<ul>\n<li style=\"text-align: left;\">Ce massage si exceptionnel n\u00e9cessite une grande organisation de notre part et nous le proposons sur des demi-journ\u00e9es.<\/li>\n<li style=\"text-align: left;\"><strong>Les prochaines dates &#8211; 4 cr\u00e9neaux ouverts : Samedi 24 mai : \u00e0 9h30 et 11h30 et Samedi 21 juin : \u00e0 9h30 et 11h30<\/strong><\/li>\n<li style=\"text-align: left;\">S\u00e9ance individuelle de 75 minutes dont 45 minutes de massage \u00e0 6 mains &#8211; 195\u20ac<\/li>\n<li style=\"text-align: left;\">R\u00e9servation au 07 49 07 01 75 ou <span style=\"color: #7c94ff;\"><strong><a href=\"mailto:contact@lesmassagesdejeanne.com\" style=\"color: #7c94ff;\">contact@lesmassagesdejeanne.com<\/a><\/strong><\/span><\/li>\n<\/ul>\n<p style=\"text-align: left;\">\n<p>[\/et_pb_text][\/et_pb_column][et_pb_column type=\u00a0\u00bb1_5&Prime; _builder_version=\u00a0\u00bb4.16&Prime; _module_preset=\u00a0\u00bbdefault\u00a0\u00bb global_colors_info=\u00a0\u00bb{}\u00a0\u00bb][\/et_pb_column][\/et_pb_row][\/et_pb_section][et_pb_section fb_built=\u00a0\u00bb1&Prime; _builder_version=\u00a0\u00bb4.27.4&Prime; _module_preset=\u00a0\u00bbdefault\u00a0\u00bb background_color=\u00a0\u00bbRGBA(255,255,255,0)\u00a0\u00bb use_background_color_gradient=\u00a0\u00bbon\u00a0\u00bb background_color_gradient_stops=\u00a0\u00bb#2b87da 0%|#29c4a9 55%\u00a0\u00bb background_image=\u00a0\u00bbhttps:\/\/lesmassagesdejeanne.com\/wp-content\/uploads\/2025\/04\/Banniere-Promotion-de-vetements-Elegant-Bleu-1-scaled.webp\u00a0\u00bb parallax=\u00a0\u00bbon\u00a0\u00bb background_enable_pattern_style=\u00a0\u00bbon\u00a0\u00bb background_pattern_style=\u00a0\u00bbpinwheel\u00a0\u00bb background_pattern_color=\u00a0\u00bbRGBA(255,255,255,0)\u00a0\u00bb hover_enabled=\u00a0\u00bb0&Prime; global_colors_info=\u00a0\u00bb{}\u00a0\u00bb alt=\u00a0\u00bbles massages de jeanne\u00a0\u00bb title_text=\u00a0\u00bbBanni\u00e8re Promotion de v\u00eatements \u00c9l\u00e9gant Bleu (1)\u00a0\u00bb sticky_enabled=\u00a0\u00bb0&Prime;][et_pb_row _builder_version=\u00a0\u00bb4.27.4&Prime; _module_preset=\u00a0\u00bbdefault\u00a0\u00bb global_colors_info=\u00a0\u00bb{}\u00a0\u00bb][et_pb_column type=\u00a0\u00bb4_4&Prime; _builder_version=\u00a0\u00bb4.27.4&Prime; _module_preset=\u00a0\u00bbdefault\u00a0\u00bb global_colors_info=\u00a0\u00bb{}\u00a0\u00bb][et_pb_image src=\u00a0\u00bbhttps:\/\/lesmassagesdejeanne.com\/wp-content\/uploads\/2025\/04\/Earthy-Clean-Grid-Lifestyle-Photography-Photo-Collage-Facebook-Cover-Banniere-moyenne-US-Paysage.png\u00a0\u00bb alt=\u00a0\u00bbmassage extraordinaire dunkerque\u00a0\u00bb title_text=\u00a0\u00bbmassage extraordinaire dunkerque\u00a0\u00bb _builder_version=\u00a0\u00bb4.27.4&Prime; _module_preset=\u00a0\u00bbdefault\u00a0\u00bb global_colors_info=\u00a0\u00bb{}\u00a0\u00bb][\/et_pb_image][\/et_pb_column][\/et_pb_row][\/et_pb_section][et_pb_section fb_built=\u00a0\u00bb1&Prime; admin_label=\u00a0\u00bbTestimonials\u00a0\u00bb _builder_version=\u00a0\u00bb4.27.4&Prime; background_enable_color=\u00a0\u00bboff\u00a0\u00bb background_enable_image=\u00a0\u00bboff\u00a0\u00bb custom_padding=\u00a0\u00bb10vw||10vw||true|false\u00a0\u00bb locked=\u00a0\u00bboff\u00a0\u00bb global_colors_info=\u00a0\u00bb{}\u00a0\u00bb][et_pb_row _builder_version=\u00a0\u00bb4.16&Prime; background_color=\u00a0\u00bb#ffffff\u00a0\u00bb custom_padding=\u00a0\u00bb0px||0px||true|false\u00a0\u00bb animation_style=\u00a0\u00bbflip\u00a0\u00bb animation_direction=\u00a0\u00bbtop\u00a0\u00bb animation_duration=\u00a0\u00bb500ms\u00a0\u00bb animation_delay=\u00a0\u00bb250ms\u00a0\u00bb animation_intensity_flip=\u00a0\u00bb15%\u00a0\u00bb border_width_all=\u00a0\u00bb30px\u00a0\u00bb border_color_all=\u00a0\u00bb#ffffff\u00a0\u00bb border_width_all_tablet=\u00a0\u00bb20px\u00a0\u00bb border_width_all_phone=\u00a0\u00bb10px\u00a0\u00bb border_width_all_last_edited=\u00a0\u00bbon|phone\u00a0\u00bb global_colors_info=\u00a0\u00bb{}\u00a0\u00bb][et_pb_column type=\u00a0\u00bb4_4&Prime; _builder_version=\u00a0\u00bb4.16&Prime; border_width_all=\u00a0\u00bb2px\u00a0\u00bb global_colors_info=\u00a0\u00bb{}\u00a0\u00bb][et_pb_text _builder_version=\u00a0\u00bb4.27.4&Prime; _module_preset=\u00a0\u00bbdefault\u00a0\u00bb text_font=\u00a0\u00bbJosefin Sans||||||||\u00a0\u00bb text_font_size=\u00a0\u00bb20px\u00a0\u00bb global_colors_info=\u00a0\u00bb{}\u00a0\u00bb]<\/p>\n<p><em><\/em><\/p>\n<p style=\"padding-left: 40px;\"><em>Les t\u00e9moignages apr\u00e8s le massage \u00e0 6 mains\u00a0<\/em><\/p>\n<p>[\/et_pb_text][et_pb_slider use_bg_overlay=\u00a0\u00bboff\u00a0\u00bb use_text_overlay=\u00a0\u00bboff\u00a0\u00bb arrows_custom_color=\u00a0\u00bb#000000&Prime; dot_nav_custom_color=\u00a0\u00bb#000000&Prime; _builder_version=\u00a0\u00bb4.27.4&Prime; header_font=\u00a0\u00bbJosefin Sans||||||||\u00a0\u00bb header_text_color=\u00a0\u00bb#2f2f2f\u00a0\u00bb header_font_size=\u00a0\u00bb30px\u00a0\u00bb header_line_height=\u00a0\u00bb1.2em\u00a0\u00bb body_font=\u00a0\u00bbMuli||on||||||\u00a0\u00bb body_text_color=\u00a0\u00bb#2f2f2f\u00a0\u00bb body_font_size=\u00a0\u00bb18px\u00a0\u00bb body_line_height=\u00a0\u00bb1.8em\u00a0\u00bb background_color=\u00a0\u00bb#ffffff\u00a0\u00bb custom_padding=\u00a0\u00bb|20px||20px|false|true\u00a0\u00bb header_font_size_tablet=\u00a0\u00bb16px\u00a0\u00bb header_font_size_phone=\u00a0\u00bb14px\u00a0\u00bb header_font_size_last_edited=\u00a0\u00bbon|phone\u00a0\u00bb header_line_height_tablet=\u00a0\u00bb1.8em\u00a0\u00bb header_line_height_phone=\u00a0\u00bb\u00a0\u00bb header_line_height_last_edited=\u00a0\u00bbon|tablet\u00a0\u00bb body_font_size_tablet=\u00a0\u00bb16px\u00a0\u00bb body_font_size_phone=\u00a0\u00bb14px\u00a0\u00bb body_font_size_last_edited=\u00a0\u00bbon|tablet\u00a0\u00bb text_shadow_style=\u00a0\u00bbpreset1&Prime; text_shadow_color=\u00a0\u00bbrgba(0,0,0,0)\u00a0\u00bb global_colors_info=\u00a0\u00bb{}\u00a0\u00bb][et_pb_slide heading=\u00a0\u00bb%22Au-del\u00e0 du bien-\u00eatre physique, de contacter des m\u00e9moires corporelles, ce massage m&rsquo;a ouvert des portes. Il m&rsquo;a permis de comprendre beaucoup de choses int\u00e9ressantes sur moi et notamment : je n&rsquo;avais pas conscience de l&rsquo;importance que les autres s&rsquo;occupent aussi de nous&#8230; de se laisser toucher par l&rsquo;autre. C&rsquo;est une difficult\u00e9 pour moi de se laisser %22soigner%22 par les autres. Je me suis permise de me laisser porter. C&rsquo;est pas facile quand on a pas l&rsquo;habitude mais c&rsquo;\u00e9tait magique. Continuez !%22&Prime; _builder_version=\u00a0\u00bb4.27.4&Prime; global_colors_info=\u00a0\u00bb{}\u00a0\u00bb sticky_transition=\u00a0\u00bbon\u00a0\u00bb]<\/p>\n<p>\u2013 Denise &#8211; sous forme de vocal<\/p>\n<p>[\/et_pb_slide][et_pb_slide heading=\u00a0\u00bb%22Merci encore Jeanne de m&rsquo;avoir offert l&rsquo;opportunit\u00e9 de d\u00e9couvrir le massage 6 mains. C&rsquo;\u00e9tait un moment de d\u00e9tente et de d\u00e9connexion unique. Vous formez une \u00e9quipe tr\u00e8s harmonieuse et bienveillante. Bravo \u00e0 vous trois \ud83d\ude42%22&Prime; _builder_version=\u00a0\u00bb4.27.4&Prime; global_colors_info=\u00a0\u00bb{}\u00a0\u00bb sticky_transition=\u00a0\u00bbon\u00a0\u00bb]<\/p>\n<p>\u2013 Laurent<\/p>\n<p>[\/et_pb_slide][et_pb_slide heading=\u00a0\u00bb%22Vous formez un trio magique, c&rsquo;est comme si vous n&rsquo;\u00e9tiez qu&rsquo;une personne \u00e0 me masser. On sent tout l&rsquo;amour que vous transmettez. Je me suis sentie soutenue, c&rsquo;est tr\u00e8s pr\u00e9cieux, merci \u00e0 toutes les trois.%22&Prime; _builder_version=\u00a0\u00bb4.27.4&Prime; global_colors_info=\u00a0\u00bb{}\u00a0\u00bb sticky_transition=\u00a0\u00bbon\u00a0\u00bb]<\/p>\n<p>\u2013 Maria apr\u00e8s son deuxi\u00e8me massage \u00e0 6 mains<\/p>\n<p>[\/et_pb_slide][et_pb_slide heading=\u00a0\u00bb%22Il y a cette impression d&rsquo;\u00eatre berc\u00e9e, de voler presque&#8230; et que vous ne formiez qu&rsquo;une grande main g\u00e9ante. C&rsquo;\u00e9tait incroyable&#8230; Merci beaucoup !%22&Prime; _builder_version=\u00a0\u00bb4.27.4&Prime; global_colors_info=\u00a0\u00bb{}\u00a0\u00bb sticky_transition=\u00a0\u00bbon\u00a0\u00bb]<\/p>\n<p>\u2013 M\u00e9lodie apr\u00e8s son massage<\/p>\n<p>[\/et_pb_slide][\/et_pb_slider][\/et_pb_column][\/et_pb_row][\/et_pb_section][et_pb_section fb_built=\u00a0\u00bb1&Prime; admin_label=\u00a0\u00bbFooter\u00a0\u00bb _builder_version=\u00a0\u00bb4.16&Prime; background_color=\u00a0\u00bb#ffffff\u00a0\u00bb use_background_color_gradient=\u00a0\u00bbon\u00a0\u00bb background_color_gradient_stops=\u00a0\u00bbrgba(255,255,255,0.8) 0%|rgba(255,255,255,0.8) 100%\u00a0\u00bb background_color_gradient_overlays_image=\u00a0\u00bbon\u00a0\u00bb background_color_gradient_start=\u00a0\u00bbrgba(255,255,255,0.8)\u00a0\u00bb background_color_gradient_end=\u00a0\u00bbrgba(255,255,255,0.8)\u00a0\u00bb background_image=\u00a0\u00bbhttp:\/\/lesmassagesdejeanne.com\/wp-content\/uploads\/2021\/01\/holistic-healer-21.png\u00a0\u00bb background_size=\u00a0\u00bbinitial\u00a0\u00bb background_position=\u00a0\u00bbtop_left\u00a0\u00bb background_repeat=\u00a0\u00bbrepeat\u00a0\u00bb overflow-x=\u00a0\u00bbhidden\u00a0\u00bb overflow-y=\u00a0\u00bbhidden\u00a0\u00bb locked=\u00a0\u00bboff\u00a0\u00bb global_colors_info=\u00a0\u00bb{}\u00a0\u00bb][et_pb_row _builder_version=\u00a0\u00bb4.16&Prime; _module_preset=\u00a0\u00bbdefault\u00a0\u00bb global_colors_info=\u00a0\u00bb{}\u00a0\u00bb][et_pb_column type=\u00a0\u00bb4_4&Prime; _builder_version=\u00a0\u00bb4.16&Prime; _module_preset=\u00a0\u00bbdefault\u00a0\u00bb global_colors_info=\u00a0\u00bb{}\u00a0\u00bb][et_pb_text _builder_version=\u00a0\u00bb4.16&Prime; _module_preset=\u00a0\u00bbdefault\u00a0\u00bb text_font=\u00a0\u00bbJosefin Sans||||||||\u00a0\u00bb text_text_color=\u00a0\u00bbrgba(42,42,42,0.81)\u00a0\u00bb text_font_size=\u00a0\u00bb45px\u00a0\u00bb text_letter_spacing=\u00a0\u00bb3px\u00a0\u00bb text_line_height=\u00a0\u00bb1.8em\u00a0\u00bb global_colors_info=\u00a0\u00bb{}\u00a0\u00bb]<\/p>\n<p>Mes partenaires<\/p>\n<p>[\/et_pb_text][\/et_pb_column][\/et_pb_row][et_pb_row column_structure=\u00a0\u00bb1_6,1_6,1_6,1_6,1_6,1_6&Prime; _builder_version=\u00a0\u00bb4.16&Prime; _module_preset=\u00a0\u00bbdefault\u00a0\u00bb global_colors_info=\u00a0\u00bb{}\u00a0\u00bb][et_pb_column type=\u00a0\u00bb1_6&Prime; _builder_version=\u00a0\u00bb4.16&Prime; _module_preset=\u00a0\u00bbdefault\u00a0\u00bb global_colors_info=\u00a0\u00bb{}\u00a0\u00bb][et_pb_image src=\u00a0\u00bbhttps:\/\/lesmassagesdejeanne.com\/wp-content\/uploads\/2024\/09\/logo-orange-sur-fond-blanc-sans-rond.jpg\u00a0\u00bb alt=\u00a0\u00bblharmonie en vous\u00a0\u00bb title_text=\u00a0\u00bblharmonie en vous\u00a0\u00bb url=\u00a0\u00bbhttps:\/\/lharmonieenvous.com\/massage-relaxation-dunkerque\/\u00a0\u00bb _builder_version=\u00a0\u00bb4.16&Prime; _module_preset=\u00a0\u00bbdefault\u00a0\u00bb global_colors_info=\u00a0\u00bb{}\u00a0\u00bb][\/et_pb_image][\/et_pb_column][et_pb_column type=\u00a0\u00bb1_6&Prime; _builder_version=\u00a0\u00bb4.16&Prime; _module_preset=\u00a0\u00bbdefault\u00a0\u00bb global_colors_info=\u00a0\u00bb{}\u00a0\u00bb][et_pb_image src=\u00a0\u00bbhttps:\/\/lesmassagesdejeanne.com\/wp-content\/uploads\/2024\/09\/LOGO-NOIR-fond-transparent.f2b3b60d-261&#215;300.png\u00a0\u00bb alt=\u00a0\u00bbS\u00e9verine Mahieu\u00a0\u00bb title_text=\u00a0\u00bbMassage bien-\u00eatre coudekerque Branche\u00a0\u00bb url=\u00a0\u00bbhttps:\/\/a-l-equilibre.fr\/\u00a0\u00bb _builder_version=\u00a0\u00bb4.16&Prime; _module_preset=\u00a0\u00bbdefault\u00a0\u00bb global_colors_info=\u00a0\u00bb{}\u00a0\u00bb][\/et_pb_image][\/et_pb_column][et_pb_column type=\u00a0\u00bb1_6&Prime; _builder_version=\u00a0\u00bb4.16&Prime; _module_preset=\u00a0\u00bbdefault\u00a0\u00bb global_colors_info=\u00a0\u00bb{}\u00a0\u00bb][et_pb_image src=\u00a0\u00bbhttp:\/\/lesmassagesdejeanne.com\/wp-content\/uploads\/2021\/02\/logo-EMPSI.png\u00a0\u00bb title_text=\u00a0\u00bblogo EMPSI\u00a0\u00bb url=\u00a0\u00bbhttps:\/\/formation-massage.empsi.fr\/\u00a0\u00bb url_new_window=\u00a0\u00bbon\u00a0\u00bb align=\u00a0\u00bbcenter\u00a0\u00bb _builder_version=\u00a0\u00bb4.16&Prime; _module_preset=\u00a0\u00bbdefault\u00a0\u00bb global_colors_info=\u00a0\u00bb{}\u00a0\u00bb][\/et_pb_image][\/et_pb_column][et_pb_column type=\u00a0\u00bb1_6&Prime; _builder_version=\u00a0\u00bb4.16&Prime; _module_preset=\u00a0\u00bbdefault\u00a0\u00bb global_colors_info=\u00a0\u00bb{}\u00a0\u00bb][et_pb_image src=\u00a0\u00bbhttps:\/\/lesmassagesdejeanne.com\/wp-content\/uploads\/2022\/08\/logo-purple-detoure.jpg\u00a0\u00bb alt=\u00a0\u00bbmassage b\u00e9b\u00e9 dunkerque\u00a0\u00bb title_text=\u00a0\u00bblogo purple d\u00e9tour\u00e9\u00a0\u00bb url=\u00a0\u00bbhttps:\/\/massage-bebe-asso.fr\/profil\/jduval\/\u00a0\u00bb _builder_version=\u00a0\u00bb4.16&Prime; _module_preset=\u00a0\u00bbdefault\u00a0\u00bb width=\u00a0\u00bb60%\u00a0\u00bb global_colors_info=\u00a0\u00bb{}\u00a0\u00bb][\/et_pb_image][\/et_pb_column][et_pb_column type=\u00a0\u00bb1_6&Prime; _builder_version=\u00a0\u00bb4.16&Prime; _module_preset=\u00a0\u00bbdefault\u00a0\u00bb global_colors_info=\u00a0\u00bb{}\u00a0\u00bb][et_pb_image src=\u00a0\u00bbhttps:\/\/lesmassagesdejeanne.com\/wp-content\/uploads\/2024\/03\/LUMEN-LOGO.jpg\u00a0\u00bb alt=\u00a0\u00bbLumen logo\u00a0\u00bb title_text=\u00a0\u00bbLUMEN LOGO\u00a0\u00bb url=\u00a0\u00bbhttps:\/\/lumen-formation.com\/\u00a0\u00bb _builder_version=\u00a0\u00bb4.16&Prime; _module_preset=\u00a0\u00bbdefault\u00a0\u00bb global_colors_info=\u00a0\u00bb{}\u00a0\u00bb][\/et_pb_image][\/et_pb_column][et_pb_column type=\u00a0\u00bb1_6&Prime; _builder_version=\u00a0\u00bb4.16&Prime; _module_preset=\u00a0\u00bbdefault\u00a0\u00bb global_colors_info=\u00a0\u00bb{}\u00a0\u00bb][et_pb_image src=\u00a0\u00bbhttps:\/\/lesmassagesdejeanne.com\/wp-content\/uploads\/2023\/01\/minimal-logo-France-Massage-rvb.png\u00a0\u00bb alt=\u00a0\u00bbFrance massage\u00a0\u00bb title_text=\u00a0\u00bbminimal-logo-France-Massage-rvb\u00a0\u00bb url=\u00a0\u00bbhttps:\/\/francemassage.org\/places\/les-massages-de-jeanne\/\u00a0\u00bb align=\u00a0\u00bbcenter\u00a0\u00bb _builder_version=\u00a0\u00bb4.16&Prime; _module_preset=\u00a0\u00bbdefault\u00a0\u00bb width=\u00a0\u00bb62%\u00a0\u00bb global_colors_info=\u00a0\u00bb{}\u00a0\u00bb][\/et_pb_image][\/et_pb_column][\/et_pb_row][\/et_pb_section][et_pb_section fb_built=\u00a0\u00bb1&Prime; admin_label=\u00a0\u00bbFooter\u00a0\u00bb _builder_version=\u00a0\u00bb4.16&Prime; background_color=\u00a0\u00bb#ffffff\u00a0\u00bb use_background_color_gradient=\u00a0\u00bbon\u00a0\u00bb background_color_gradient_stops=\u00a0\u00bbrgba(255,255,255,0.8) 0%|rgba(255,255,255,0.8) 100%\u00a0\u00bb background_color_gradient_overlays_image=\u00a0\u00bbon\u00a0\u00bb background_color_gradient_start=\u00a0\u00bbrgba(255,255,255,0.8)\u00a0\u00bb background_color_gradient_end=\u00a0\u00bbrgba(255,255,255,0.8)\u00a0\u00bb background_image=\u00a0\u00bbhttp:\/\/lesmassagesdejeanne.com\/wp-content\/uploads\/2021\/01\/holistic-healer-21.png\u00a0\u00bb background_size=\u00a0\u00bbinitial\u00a0\u00bb background_position=\u00a0\u00bbtop_left\u00a0\u00bb background_repeat=\u00a0\u00bbrepeat\u00a0\u00bb overflow-x=\u00a0\u00bbhidden\u00a0\u00bb overflow-y=\u00a0\u00bbhidden\u00a0\u00bb locked=\u00a0\u00bboff\u00a0\u00bb global_colors_info=\u00a0\u00bb{}\u00a0\u00bb theme_builder_area=\u00a0\u00bbpost_content\u00a0\u00bb][et_pb_row _builder_version=\u00a0\u00bb4.16&Prime; width=\u00a0\u00bb60%\u00a0\u00bb global_colors_info=\u00a0\u00bb{}\u00a0\u00bb theme_builder_area=\u00a0\u00bbpost_content\u00a0\u00bb][et_pb_column type=\u00a0\u00bb4_4&Prime; _builder_version=\u00a0\u00bb4.16&Prime; global_colors_info=\u00a0\u00bb{}\u00a0\u00bb theme_builder_area=\u00a0\u00bbpost_content\u00a0\u00bb][et_pb_text _builder_version=\u00a0\u00bb4.16&Prime; _module_preset=\u00a0\u00bbdefault\u00a0\u00bb text_font=\u00a0\u00bbJosefin Sans||||||||\u00a0\u00bb text_text_color=\u00a0\u00bbrgba(14,88,247,0.59)\u00a0\u00bb text_font_size=\u00a0\u00bb49px\u00a0\u00bb text_letter_spacing=\u00a0\u00bb3px\u00a0\u00bb text_line_height=\u00a0\u00bb1.8em\u00a0\u00bb text_orientation=\u00a0\u00bbcenter\u00a0\u00bb global_colors_info=\u00a0\u00bb{}\u00a0\u00bb theme_builder_area=\u00a0\u00bbpost_content\u00a0\u00bb]<\/p>\n<p>Me contacter<\/p>\n<p>[\/et_pb_text][\/et_pb_column][\/et_pb_row][et_pb_row column_structure=\u00a0\u00bb1_2,1_2&Prime; _builder_version=\u00a0\u00bb4.16&Prime; locked=\u00a0\u00bboff\u00a0\u00bb global_colors_info=\u00a0\u00bb{}\u00a0\u00bb theme_builder_area=\u00a0\u00bbpost_content\u00a0\u00bb][et_pb_column type=\u00a0\u00bb1_2&Prime; _builder_version=\u00a0\u00bb4.16&Prime; global_colors_info=\u00a0\u00bb{}\u00a0\u00bb theme_builder_area=\u00a0\u00bbpost_content\u00a0\u00bb][et_pb_text _builder_version=\u00a0\u00bb4.27.4&Prime; text_font=\u00a0\u00bbMuli||||||||\u00a0\u00bb text_font_size=\u00a0\u00bb16px\u00a0\u00bb text_line_height=\u00a0\u00bb1.8em\u00a0\u00bb header_3_font=\u00a0\u00bbJosefin Sans||||||||\u00a0\u00bb header_3_line_height=\u00a0\u00bb1.4em\u00a0\u00bb text_orientation=\u00a0\u00bbcenter\u00a0\u00bb custom_padding=\u00a0\u00bb||0px|||\u00a0\u00bb text_font_size_tablet=\u00a0\u00bb\u00a0\u00bb text_font_size_phone=\u00a0\u00bb14px\u00a0\u00bb text_font_size_last_edited=\u00a0\u00bbon|phone\u00a0\u00bb header_3_font_size_tablet=\u00a0\u00bb20px\u00a0\u00bb header_3_font_size_phone=\u00a0\u00bb33px\u00a0\u00bb header_3_font_size_last_edited=\u00a0\u00bbon|tablet\u00a0\u00bb header_3_line_height_tablet=\u00a0\u00bb\u00a0\u00bb header_3_line_height_phone=\u00a0\u00bb1.8em\u00a0\u00bb header_3_line_height_last_edited=\u00a0\u00bbon|phone\u00a0\u00bb locked=\u00a0\u00bboff\u00a0\u00bb global_colors_info=\u00a0\u00bb{}\u00a0\u00bb theme_builder_area=\u00a0\u00bbpost_content\u00a0\u00bb]<\/p>\n<h3 style=\"text-align: center;\">Adresse<\/h3>\n<h4 style=\"text-align: left;\"><\/h4>\n<p style=\"text-align: left;\"><strong>\u2118 Les massages de Jeanne<\/strong><\/p>\n<p style=\"text-align: left;\">22, rue du Sud<\/p>\n<p style=\"text-align: left;\">59140 Dunkerque<\/p>\n<p style=\"text-align: left;\">Uniquement sur rendez-vous<\/p>\n<p>[\/et_pb_text][\/et_pb_column][et_pb_column type=\u00a0\u00bb1_2&Prime; _builder_version=\u00a0\u00bb4.16&Prime; global_colors_info=\u00a0\u00bb{}\u00a0\u00bb theme_builder_area=\u00a0\u00bbpost_content\u00a0\u00bb][et_pb_text _builder_version=\u00a0\u00bb4.16&Prime; text_font=\u00a0\u00bbMuli||||||||\u00a0\u00bb text_font_size=\u00a0\u00bb16px\u00a0\u00bb text_line_height=\u00a0\u00bb1.8em\u00a0\u00bb header_3_font=\u00a0\u00bbJosefin Sans||||||||\u00a0\u00bb header_3_line_height=\u00a0\u00bb1.4em\u00a0\u00bb text_orientation=\u00a0\u00bbcenter\u00a0\u00bb custom_padding=\u00a0\u00bb||0px|||\u00a0\u00bb text_font_size_tablet=\u00a0\u00bb\u00a0\u00bb text_font_size_phone=\u00a0\u00bb14px\u00a0\u00bb text_font_size_last_edited=\u00a0\u00bbon|phone\u00a0\u00bb header_3_font_size_tablet=\u00a0\u00bb20px\u00a0\u00bb header_3_font_size_phone=\u00a0\u00bb30px\u00a0\u00bb header_3_font_size_last_edited=\u00a0\u00bbon|tablet\u00a0\u00bb header_3_line_height_tablet=\u00a0\u00bb\u00a0\u00bb header_3_line_height_phone=\u00a0\u00bb1.8em\u00a0\u00bb header_3_line_height_last_edited=\u00a0\u00bbon|phone\u00a0\u00bb locked=\u00a0\u00bboff\u00a0\u00bb global_colors_info=\u00a0\u00bb{}\u00a0\u00bb theme_builder_area=\u00a0\u00bbpost_content\u00a0\u00bb]<\/p>\n<h3>Plus d&rsquo;informations \/ Prendre rendez-vous<\/h3>\n<p style=\"text-align: left;\"><strong>\u2118 T\u00e9l\u00e9phone<\/strong> : appelez-moi au 07 49 07 01 75 &#8211; pas de sms merci.<\/p>\n<p style=\"text-align: left;\"><strong>\u2118 Email :<\/strong> contact@lesmassagesdejeanne.com<\/p>\n<p>[\/et_pb_text][\/et_pb_column][\/et_pb_row][\/et_pb_section]<\/p>\n","protected":false},"excerpt":{"rendered":"<p>Un massage extraordinaire \u00e0 Dunkerque pour  se c\u00e9l\u00e9brer et faire l&rsquo;exp\u00e9rience d&rsquo;une vie.<\/p>\n","protected":false},"author":1,"featured_media":6447,"parent":0,"menu_order":0,"comment_status":"closed","ping_status":"closed","template":"","meta":{"_et_pb_use_builder":"on","_et_pb_old_content":"","_et_gb_content_width":"","footnotes":""},"class_list":["post-6427","page","type-page","status-publish","has-post-thumbnail","hentry"],"yoast_head":"<!-- This site is optimized with the Yoast SEO plugin v25.6 - https:\/\/yoast.com\/wordpress\/plugins\/seo\/ -->\n<title>Massage \u00e0 6 mains \u00e0 Dunkerque | Les massages de Jeanne<\/title>\n<meta name=\"description\" content=\"Le massage \u00e0 6 mains est une exp\u00e9rience d&#039;une vie, qui vous connecte au vivant, \u00e0 tout votre \u00eatre avec intensit\u00e9. Et \u00e7a se passe \u00e0 Dunkerque !\" \/>\n<meta name=\"robots\" content=\"index, follow, max-snippet:-1, max-image-preview:large, max-video-preview:-1\" \/>\n<link rel=\"canonical\" href=\"https:\/\/lesmassagesdejeanne.com\/index.php\/massage-6-mains-a-dunkerque\/\" \/>\n<meta property=\"og:locale\" content=\"fr_FR\" \/>\n<meta property=\"og:type\" content=\"article\" \/>\n<meta property=\"og:title\" content=\"Massage \u00e0 6 mains \u00e0 Dunkerque | Les massages de Jeanne\" \/>\n<meta property=\"og:description\" content=\"Le massage \u00e0 6 mains est une exp\u00e9rience d&#039;une vie, qui vous connecte au vivant, \u00e0 tout votre \u00eatre avec intensit\u00e9. Et \u00e7a se passe \u00e0 Dunkerque !\" \/>\n<meta property=\"og:url\" content=\"https:\/\/lesmassagesdejeanne.com\/index.php\/massage-6-mains-a-dunkerque\/\" \/>\n<meta property=\"og:site_name\" content=\"Les massages de Jeanne\" \/>\n<meta property=\"article:publisher\" content=\"https:\/\/www.facebook.com\/Les-massages-de-Jeanne-102220664920064\" \/>\n<meta property=\"article:modified_time\" content=\"2025-09-29T18:15:52+00:00\" \/>\n<meta property=\"og:image\" content=\"https:\/\/lesmassagesdejeanne.com\/wp-content\/uploads\/2025\/04\/1.webp\" \/>\n\t<meta property=\"og:image:width\" content=\"1080\" \/>\n\t<meta property=\"og:image:height\" content=\"1080\" \/>\n\t<meta property=\"og:image:type\" content=\"image\/webp\" \/>\n<meta name=\"twitter:card\" content=\"summary_large_image\" \/>\n<meta name=\"twitter:label1\" content=\"Dur\u00e9e de lecture estim\u00e9e\" \/>\n\t<meta name=\"twitter:data1\" content=\"4 minutes\" \/>\n<script type=\"application\/ld+json\" class=\"yoast-schema-graph\">{\"@context\":\"https:\/\/schema.org\",\"@graph\":[{\"@type\":\"WebPage\",\"@id\":\"https:\/\/lesmassagesdejeanne.com\/index.php\/massage-6-mains-a-dunkerque\/\",\"url\":\"https:\/\/lesmassagesdejeanne.com\/index.php\/massage-6-mains-a-dunkerque\/\",\"name\":\"Massage \u00e0 6 mains \u00e0 Dunkerque | Les massages de Jeanne\",\"isPartOf\":{\"@id\":\"https:\/\/lesmassagesdejeanne.com\/#website\"},\"primaryImageOfPage\":{\"@id\":\"https:\/\/lesmassagesdejeanne.com\/index.php\/massage-6-mains-a-dunkerque\/#primaryimage\"},\"image\":{\"@id\":\"https:\/\/lesmassagesdejeanne.com\/index.php\/massage-6-mains-a-dunkerque\/#primaryimage\"},\"thumbnailUrl\":\"https:\/\/lesmassagesdejeanne.com\/wp-content\/uploads\/2025\/04\/1.webp\",\"datePublished\":\"2025-04-01T13:19:08+00:00\",\"dateModified\":\"2025-09-29T18:15:52+00:00\",\"description\":\"Le massage \u00e0 6 mains est une exp\u00e9rience d'une vie, qui vous connecte au vivant, \u00e0 tout votre \u00eatre avec intensit\u00e9. Et \u00e7a se passe \u00e0 Dunkerque !\",\"breadcrumb\":{\"@id\":\"https:\/\/lesmassagesdejeanne.com\/index.php\/massage-6-mains-a-dunkerque\/#breadcrumb\"},\"inLanguage\":\"fr-FR\",\"potentialAction\":[{\"@type\":\"ReadAction\",\"target\":[\"https:\/\/lesmassagesdejeanne.com\/index.php\/massage-6-mains-a-dunkerque\/\"]}]},{\"@type\":\"ImageObject\",\"inLanguage\":\"fr-FR\",\"@id\":\"https:\/\/lesmassagesdejeanne.com\/index.php\/massage-6-mains-a-dunkerque\/#primaryimage\",\"url\":\"https:\/\/lesmassagesdejeanne.com\/wp-content\/uploads\/2025\/04\/1.webp\",\"contentUrl\":\"https:\/\/lesmassagesdejeanne.com\/wp-content\/uploads\/2025\/04\/1.webp\",\"width\":1080,\"height\":1080,\"caption\":\"massage extraordinaire dunkerque\"},{\"@type\":\"BreadcrumbList\",\"@id\":\"https:\/\/lesmassagesdejeanne.com\/index.php\/massage-6-mains-a-dunkerque\/#breadcrumb\",\"itemListElement\":[{\"@type\":\"ListItem\",\"position\":1,\"name\":\"Accueil\",\"item\":\"https:\/\/lesmassagesdejeanne.com\/\"},{\"@type\":\"ListItem\",\"position\":2,\"name\":\"Massage \u00e0 6 mains \u00e0 Dunkerque\"}]},{\"@type\":\"WebSite\",\"@id\":\"https:\/\/lesmassagesdejeanne.com\/#website\",\"url\":\"https:\/\/lesmassagesdejeanne.com\/\",\"name\":\"Les massages de Jeanne\",\"description\":\"Se reconnecter \u00e0 soi par le massage\",\"publisher\":{\"@id\":\"https:\/\/lesmassagesdejeanne.com\/#organization\"},\"potentialAction\":[{\"@type\":\"SearchAction\",\"target\":{\"@type\":\"EntryPoint\",\"urlTemplate\":\"https:\/\/lesmassagesdejeanne.com\/?s={search_term_string}\"},\"query-input\":{\"@type\":\"PropertyValueSpecification\",\"valueRequired\":true,\"valueName\":\"search_term_string\"}}],\"inLanguage\":\"fr-FR\"},{\"@type\":\"Organization\",\"@id\":\"https:\/\/lesmassagesdejeanne.com\/#organization\",\"name\":\"Les massages de Jeanne\",\"url\":\"https:\/\/lesmassagesdejeanne.com\/\",\"logo\":{\"@type\":\"ImageObject\",\"inLanguage\":\"fr-FR\",\"@id\":\"https:\/\/lesmassagesdejeanne.com\/#\/schema\/logo\/image\/\",\"url\":\"https:\/\/lesmassagesdejeanne.com\/wp-content\/uploads\/2021\/01\/Logo-noir-Jeanne2.png\",\"contentUrl\":\"https:\/\/lesmassagesdejeanne.com\/wp-content\/uploads\/2021\/01\/Logo-noir-Jeanne2.png\",\"width\":1048,\"height\":1209,\"caption\":\"Les massages de Jeanne\"},\"image\":{\"@id\":\"https:\/\/lesmassagesdejeanne.com\/#\/schema\/logo\/image\/\"},\"sameAs\":[\"https:\/\/www.facebook.com\/Les-massages-de-Jeanne-102220664920064\",\"https:\/\/www.instagram.com\/jeanne_masseuse_intuitive_dk\/\"]}]}<\/script>\n<!-- \/ Yoast SEO plugin. -->","yoast_head_json":{"title":"Massage \u00e0 6 mains \u00e0 Dunkerque | Les massages de Jeanne","description":"Le massage \u00e0 6 mains est une exp\u00e9rience d'une vie, qui vous connecte au vivant, \u00e0 tout votre \u00eatre avec intensit\u00e9. Et \u00e7a se passe \u00e0 Dunkerque !","robots":{"index":"index","follow":"follow","max-snippet":"max-snippet:-1","max-image-preview":"max-image-preview:large","max-video-preview":"max-video-preview:-1"},"canonical":"https:\/\/lesmassagesdejeanne.com\/index.php\/massage-6-mains-a-dunkerque\/","og_locale":"fr_FR","og_type":"article","og_title":"Massage \u00e0 6 mains \u00e0 Dunkerque | Les massages de Jeanne","og_description":"Le massage \u00e0 6 mains est une exp\u00e9rience d'une vie, qui vous connecte au vivant, \u00e0 tout votre \u00eatre avec intensit\u00e9. Et \u00e7a se passe \u00e0 Dunkerque !","og_url":"https:\/\/lesmassagesdejeanne.com\/index.php\/massage-6-mains-a-dunkerque\/","og_site_name":"Les massages de Jeanne","article_publisher":"https:\/\/www.facebook.com\/Les-massages-de-Jeanne-102220664920064","article_modified_time":"2025-09-29T18:15:52+00:00","og_image":[{"width":1080,"height":1080,"url":"https:\/\/lesmassagesdejeanne.com\/wp-content\/uploads\/2025\/04\/1.webp","type":"image\/webp"}],"twitter_card":"summary_large_image","twitter_misc":{"Dur\u00e9e de lecture estim\u00e9e":"4 minutes"},"schema":{"@context":"https:\/\/schema.org","@graph":[{"@type":"WebPage","@id":"https:\/\/lesmassagesdejeanne.com\/index.php\/massage-6-mains-a-dunkerque\/","url":"https:\/\/lesmassagesdejeanne.com\/index.php\/massage-6-mains-a-dunkerque\/","name":"Massage \u00e0 6 mains \u00e0 Dunkerque | Les massages de Jeanne","isPartOf":{"@id":"https:\/\/lesmassagesdejeanne.com\/#website"},"primaryImageOfPage":{"@id":"https:\/\/lesmassagesdejeanne.com\/index.php\/massage-6-mains-a-dunkerque\/#primaryimage"},"image":{"@id":"https:\/\/lesmassagesdejeanne.com\/index.php\/massage-6-mains-a-dunkerque\/#primaryimage"},"thumbnailUrl":"https:\/\/lesmassagesdejeanne.com\/wp-content\/uploads\/2025\/04\/1.webp","datePublished":"2025-04-01T13:19:08+00:00","dateModified":"2025-09-29T18:15:52+00:00","description":"Le massage \u00e0 6 mains est une exp\u00e9rience d'une vie, qui vous connecte au vivant, \u00e0 tout votre \u00eatre avec intensit\u00e9. Et \u00e7a se passe \u00e0 Dunkerque !","breadcrumb":{"@id":"https:\/\/lesmassagesdejeanne.com\/index.php\/massage-6-mains-a-dunkerque\/#breadcrumb"},"inLanguage":"fr-FR","potentialAction":[{"@type":"ReadAction","target":["https:\/\/lesmassagesdejeanne.com\/index.php\/massage-6-mains-a-dunkerque\/"]}]},{"@type":"ImageObject","inLanguage":"fr-FR","@id":"https:\/\/lesmassagesdejeanne.com\/index.php\/massage-6-mains-a-dunkerque\/#primaryimage","url":"https:\/\/lesmassagesdejeanne.com\/wp-content\/uploads\/2025\/04\/1.webp","contentUrl":"https:\/\/lesmassagesdejeanne.com\/wp-content\/uploads\/2025\/04\/1.webp","width":1080,"height":1080,"caption":"massage extraordinaire dunkerque"},{"@type":"BreadcrumbList","@id":"https:\/\/lesmassagesdejeanne.com\/index.php\/massage-6-mains-a-dunkerque\/#breadcrumb","itemListElement":[{"@type":"ListItem","position":1,"name":"Accueil","item":"https:\/\/lesmassagesdejeanne.com\/"},{"@type":"ListItem","position":2,"name":"Massage \u00e0 6 mains \u00e0 Dunkerque"}]},{"@type":"WebSite","@id":"https:\/\/lesmassagesdejeanne.com\/#website","url":"https:\/\/lesmassagesdejeanne.com\/","name":"Les massages de Jeanne","description":"Se reconnecter \u00e0 soi par le massage","publisher":{"@id":"https:\/\/lesmassagesdejeanne.com\/#organization"},"potentialAction":[{"@type":"SearchAction","target":{"@type":"EntryPoint","urlTemplate":"https:\/\/lesmassagesdejeanne.com\/?s={search_term_string}"},"query-input":{"@type":"PropertyValueSpecification","valueRequired":true,"valueName":"search_term_string"}}],"inLanguage":"fr-FR"},{"@type":"Organization","@id":"https:\/\/lesmassagesdejeanne.com\/#organization","name":"Les massages de Jeanne","url":"https:\/\/lesmassagesdejeanne.com\/","logo":{"@type":"ImageObject","inLanguage":"fr-FR","@id":"https:\/\/lesmassagesdejeanne.com\/#\/schema\/logo\/image\/","url":"https:\/\/lesmassagesdejeanne.com\/wp-content\/uploads\/2021\/01\/Logo-noir-Jeanne2.png","contentUrl":"https:\/\/lesmassagesdejeanne.com\/wp-content\/uploads\/2021\/01\/Logo-noir-Jeanne2.png","width":1048,"height":1209,"caption":"Les massages de Jeanne"},"image":{"@id":"https:\/\/lesmassagesdejeanne.com\/#\/schema\/logo\/image\/"},"sameAs":["https:\/\/www.facebook.com\/Les-massages-de-Jeanne-102220664920064","https:\/\/www.instagram.com\/jeanne_masseuse_intuitive_dk\/"]}]}},"_links":{"self":[{"href":"https:\/\/lesmassagesdejeanne.com\/index.php\/wp-json\/wp\/v2\/pages\/6427","targetHints":{"allow":["GET"]}}],"collection":[{"href":"https:\/\/lesmassagesdejeanne.com\/index.php\/wp-json\/wp\/v2\/pages"}],"about":[{"href":"https:\/\/lesmassagesdejeanne.com\/index.php\/wp-json\/wp\/v2\/types\/page"}],"author":[{"embeddable":true,"href":"https:\/\/lesmassagesdejeanne.com\/index.php\/wp-json\/wp\/v2\/users\/1"}],"replies":[{"embeddable":true,"href":"https:\/\/lesmassagesdejeanne.com\/index.php\/wp-json\/wp\/v2\/comments?post=6427"}],"version-history":[{"count":31,"href":"https:\/\/lesmassagesdejeanne.com\/index.php\/wp-json\/wp\/v2\/pages\/6427\/revisions"}],"predecessor-version":[{"id":6878,"href":"https:\/\/lesmassagesdejeanne.com\/index.php\/wp-json\/wp\/v2\/pages\/6427\/revisions\/6878"}],"wp:featuredmedia":[{"embeddable":true,"href":"https:\/\/lesmassagesdejeanne.com\/index.php\/wp-json\/wp\/v2\/media\/6447"}],"wp:attachment":[{"href":"https:\/\/lesmassagesdejeanne.com\/index.php\/wp-json\/wp\/v2\/media?parent=6427"}],"curies":[{"name":"wp","href":"https:\/\/api.w.org\/{rel}","templated":true}]}}